{"id":19,"date":"2024-04-25T06:54:06","date_gmt":"2024-04-25T06:54:06","guid":{"rendered":"https:\/\/comercialamos.es\/?page_id=19"},"modified":"2026-02-02T10:35:42","modified_gmt":"2026-02-02T10:35:42","slug":"inicio","status":"publish","type":"page","link":"https:\/\/comercialamos.es\/en\/","title":{"rendered":"Start"},"content":{"rendered":"<div data-elementor-type=\"wp-page\" data-elementor-id=\"19\" class=\"elementor elementor-19\" data-elementor-post-type=\"page\">\n\t\t\t\t<div class=\"elementor-element elementor-element-a716319 e-flex e-con-boxed e-con e-parent\" data-id=\"a716319\" data-element_type=\"container\" data-settings=\"{&quot;background_background&quot;:&quot;classic&quot;}\">\n\t\t\t\t\t<div class=\"e-con-inner\">\n\t\t\t\t<div class=\"elementor-element elementor-element-f14e4fe elementor-widget elementor-widget-heading\" data-id=\"f14e4fe\" data-element_type=\"widget\" data-widget_type=\"heading.default\">\n\t\t\t\t<div class=\"elementor-widget-container\">\n\t\t\t<h2 class=\"elementor-heading-title elementor-size-default\">Solutions Specialists<br>\nIntegral in Wood<\/h2>\t\t<\/div>\n\t\t\t\t<\/div>\n\t\t\t\t\t<\/div>\n\t\t\t\t<\/div>\n\t\t<div class=\"elementor-element elementor-element-7aca0ec e-flex e-con-boxed e-con e-parent\" data-id=\"7aca0ec\" data-element_type=\"container\">\n\t\t\t\t\t<div class=\"e-con-inner\">\n\t\t\t\t<div class=\"elementor-element elementor-element-f8d1c15 elementor-widget elementor-widget-text-editor\" data-id=\"f8d1c15\" data-element_type=\"widget\" data-widget_type=\"text-editor.default\">\n\t\t\t\t<div class=\"elementor-widget-container\">\n\t\t\t\t\t\t\t<p>En Comercial Am\u00f3s, nos enorgullece ofrecer <strong>comprehensive solutions for wooden structures and roofs<\/strong>, both for new construction projects and <strong>rehabilitation<\/strong>. Our commitment is to provide you with the highest quality and precision in each phase of the project, supported by an experienced and rigorous technical team that will accompany you at all times.<\/p>\t\t\t\t\t\t<\/div>\n\t\t\t\t<\/div>\n\t\t\t\t<div class=\"elementor-element elementor-element-31d0ae9 elementor-widget elementor-widget-heading\" data-id=\"31d0ae9\" data-element_type=\"widget\" data-widget_type=\"heading.default\">\n\t\t\t\t<div class=\"elementor-widget-container\">\n\t\t\t<h2 class=\"elementor-heading-title elementor-size-default\">Innovation and Precision in Every Detail<\/h2>\t\t<\/div>\n\t\t\t\t<\/div>\n\t\t\t\t\t<\/div>\n\t\t\t\t<\/div>\n\t\t<div class=\"elementor-element elementor-element-404a5a6 e-con-full e-flex e-con e-parent\" data-id=\"404a5a6\" data-element_type=\"container\" id=\"Tecnologia\">\n\t\t<div class=\"elementor-element elementor-element-614a7fe e-con-full elementor-hidden-mobile e-flex e-con e-child\" data-id=\"614a7fe\" data-element_type=\"container\">\n\t\t\t\t<div class=\"elementor-element elementor-element-3c38601 elementor-widget__width-initial elementor-absolute elementor-hidden-tablet elementor-hidden-mobile elementor-widget elementor-widget-image\" data-id=\"3c38601\" data-element_type=\"widget\" data-settings=\"{&quot;_position&quot;:&quot;absolute&quot;}\" data-widget_type=\"image.default\">\n\t\t\t\t<div class=\"elementor-widget-container\">\n\t\t\t\t\t\t\t\t\t\t\t\t\t<img fetchpriority=\"high\" decoding=\"async\" width=\"468\" height=\"546\" src=\"https:\/\/comercialamos.es\/wp-content\/uploads\/2024\/04\/portatil.png\" class=\"attachment-large size-large wp-image-129\" alt=\"\" srcset=\"https:\/\/comercialamos.es\/wp-content\/uploads\/2024\/04\/portatil.png 468w, https:\/\/comercialamos.es\/wp-content\/uploads\/2024\/04\/portatil-257x300.png 257w\" sizes=\"(max-width: 468px) 100vw, 468px\" \/>\t\t\t\t\t\t\t\t\t\t\t\t\t<\/div>\n\t\t\t\t<\/div>\n\t\t\t\t<\/div>\n\t\t<div class=\"elementor-element elementor-element-5258eae e-con-full e-flex e-con e-child\" data-id=\"5258eae\" data-element_type=\"container\" data-settings=\"{&quot;background_background&quot;:&quot;classic&quot;}\">\n\t\t\t\t<div class=\"elementor-element elementor-element-917446b elementor-widget elementor-widget-text-editor\" data-id=\"917446b\" data-element_type=\"widget\" data-widget_type=\"text-editor.default\">\n\t\t\t\t<div class=\"elementor-widget-container\">\n\t\t\t\t\t\t\t<p>Using the latest technology, we model each project with the Cadwork 3D program, which allows us to analyze and design each encounter of the structure in an optimal way. Subsequently, we export the project to the Hundegger K2 machining center to manufacture the parts with precision and reliability. We deliver the wooden cover in KIT, with numbered pieces and assembly plans, to guarantee efficient assembly by the professional.<\/p>\t\t\t\t\t\t<\/div>\n\t\t\t\t<\/div>\n\t\t\t\t<\/div>\n\t\t\t\t<\/div>\n\t\t<div class=\"elementor-element elementor-element-08ff67a e-flex e-con-boxed e-con e-parent\" data-id=\"08ff67a\" data-element_type=\"container\" id=\"Sostenibilidad\" data-settings=\"{&quot;background_background&quot;:&quot;classic&quot;}\">\n\t\t\t\t\t<div class=\"e-con-inner\">\n\t\t<div class=\"elementor-element elementor-element-4f6ab79 e-con-full e-flex e-con e-child\" data-id=\"4f6ab79\" data-element_type=\"container\" data-settings=\"{&quot;background_background&quot;:&quot;classic&quot;}\">\n\t\t\t\t<div class=\"elementor-element elementor-element-c57731d elementor-position-top elementor-widget elementor-widget-image-box\" data-id=\"c57731d\" data-element_type=\"widget\" data-widget_type=\"image-box.default\">\n\t\t\t\t<div class=\"elementor-widget-container\">\n\t\t\t<div class=\"elementor-image-box-wrapper\"><figure class=\"elementor-image-box-img\"><img decoding=\"async\" width=\"41\" height=\"41\" src=\"https:\/\/comercialamos.es\/wp-content\/uploads\/2024\/04\/fuente-renovable_.png\" class=\"attachment-full size-full wp-image-123\" alt=\"\" \/><\/figure><div class=\"elementor-image-box-content\"><h3 class=\"elementor-image-box-title\">Renewable Source<\/h3><p class=\"elementor-image-box-description\">Wood is a natural resource that, when managed sustainably, offers a renewable construction solution with low environmental impact.<\/p><\/div><\/div>\t\t<\/div>\n\t\t\t\t<\/div>\n\t\t\t\t<div class=\"elementor-element elementor-element-e68d9a9 elementor-position-top elementor-widget elementor-widget-image-box\" data-id=\"e68d9a9\" data-element_type=\"widget\" data-widget_type=\"image-box.default\">\n\t\t\t\t<div class=\"elementor-widget-container\">\n\t\t\t<div class=\"elementor-image-box-wrapper\"><figure class=\"elementor-image-box-img\"><img decoding=\"async\" width=\"41\" height=\"41\" src=\"https:\/\/comercialamos.es\/wp-content\/uploads\/2024\/04\/secuestro-de-carbono_.png\" class=\"attachment-full size-full wp-image-93\" alt=\"\" \/><\/figure><div class=\"elementor-image-box-content\"><h3 class=\"elementor-image-box-title\">Carbon Sequestration<\/h3><p class=\"elementor-image-box-description\">By using wood from responsibly managed forests (certified by PEFC and FSC), we contribute to the fight against climate change. Wood stores carbon throughout its useful life, helping to reduce the global carbon footprint.<\/p><\/div><\/div>\t\t<\/div>\n\t\t\t\t<\/div>\n\t\t\t\t<\/div>\n\t\t<div class=\"elementor-element elementor-element-eb74d15 e-con-full e-flex e-con e-child\" data-id=\"eb74d15\" data-element_type=\"container\">\n\t\t\t\t<div class=\"elementor-element elementor-element-016bcca elementor-widget elementor-widget-image-box\" data-id=\"016bcca\" data-element_type=\"widget\" data-widget_type=\"image-box.default\">\n\t\t\t\t<div class=\"elementor-widget-container\">\n\t\t\t<div class=\"elementor-image-box-wrapper\"><div class=\"elementor-image-box-content\"><h2 class=\"elementor-image-box-title\">Wood: A Wink to Ecology and Sustainability<\/h2><p class=\"elementor-image-box-description\">Entendemos que \"Los bosques son las f\u00e1bricas de materiales de construcci\u00f3n que menos contaminan\". Por ello, en Comercial Am\u00f3s, elegimos la madera no solo por su belleza y versatilidad sino tambi\u00e9n por su papel crucial en la construcci\u00f3n sostenible:<br><br>\nWe ensure that every piece of wood used comes from sustainably managed forests, supporting biodiversity and local economies, and reaffirming our commitment to a greener future.<\/p><\/div><\/div>\t\t<\/div>\n\t\t\t\t<\/div>\n\t\t\t\t<\/div>\n\t\t\t\t\t<\/div>\n\t\t\t\t<\/div>\n\t\t<div class=\"elementor-element elementor-element-2d1e5ee e-flex e-con-boxed e-con e-parent\" data-id=\"2d1e5ee\" data-element_type=\"container\" id=\"Ventajas\" data-settings=\"{&quot;background_background&quot;:&quot;classic&quot;,&quot;shape_divider_bottom&quot;:&quot;triangle&quot;,&quot;shape_divider_bottom_negative&quot;:&quot;yes&quot;}\">\n\t\t\t\t\t<div class=\"e-con-inner\">\n\t\t\t\t<div class=\"elementor-shape elementor-shape-bottom\" data-negative=\"true\">\n\t\t\t<svg xmlns=\"http:\/\/www.w3.org\/2000\/svg\" viewbox=\"0 0 1000 100\" preserveaspectratio=\"none\">\n\t<path class=\"elementor-shape-fill\" d=\"M500.2,94.7L0,0v100h1000V0L500.2,94.7z\"\/>\n<\/svg>\t\t<\/div>\n\t\t\t\t<div class=\"elementor-element elementor-element-1c2b0d3 elementor-widget elementor-widget-image-box\" data-id=\"1c2b0d3\" data-element_type=\"widget\" data-widget_type=\"image-box.default\">\n\t\t\t\t<div class=\"elementor-widget-container\">\n\t\t\t<div class=\"elementor-image-box-wrapper\"><div class=\"elementor-image-box-content\"><h3 class=\"elementor-image-box-title\">Advantages of Wood<br> in the construction<\/h3><p class=\"elementor-image-box-description\">Wood offers countless advantages as a construction material:<\/p><\/div><\/div>\t\t<\/div>\n\t\t\t\t<\/div>\n\t\t<div class=\"elementor-element elementor-element-1e79ce7 e-flex e-con-boxed e-con e-child\" data-id=\"1e79ce7\" data-element_type=\"container\">\n\t\t\t\t\t<div class=\"e-con-inner\">\n\t\t\t\t<div class=\"elementor-element elementor-element-e5db798 elementor-position-top elementor-widget elementor-widget-image-box\" data-id=\"e5db798\" data-element_type=\"widget\" data-widget_type=\"image-box.default\">\n\t\t\t\t<div class=\"elementor-widget-container\">\n\t\t\t<div class=\"elementor-image-box-wrapper\"><figure class=\"elementor-image-box-img\"><img loading=\"lazy\" decoding=\"async\" width=\"60\" height=\"60\" src=\"https:\/\/comercialamos.es\/wp-content\/uploads\/2024\/04\/1-posibilidades-de-diseno.png\" class=\"attachment-full size-full wp-image-94\" alt=\"\" \/><\/figure><div class=\"elementor-image-box-content\"><h3 class=\"elementor-image-box-title\">Design Possibilities<\/h3><p class=\"elementor-image-box-description\">Flexibility and versatility to create innovative and aesthetically attractive structures.\n<\/p><\/div><\/div>\t\t<\/div>\n\t\t\t\t<\/div>\n\t\t\t\t<div class=\"elementor-element elementor-element-a6bc575 elementor-position-top elementor-widget elementor-widget-image-box\" data-id=\"a6bc575\" data-element_type=\"widget\" data-widget_type=\"image-box.default\">\n\t\t\t\t<div class=\"elementor-widget-container\">\n\t\t\t<div class=\"elementor-image-box-wrapper\"><figure class=\"elementor-image-box-img\"><img loading=\"lazy\" decoding=\"async\" width=\"60\" height=\"60\" src=\"https:\/\/comercialamos.es\/wp-content\/uploads\/2024\/04\/2-resistencia-al-fuego.png\" class=\"attachment-full size-full wp-image-96\" alt=\"\" \/><\/figure><div class=\"elementor-image-box-content\"><h3 class=\"elementor-image-box-title\">Fire resistance<\/h3><p class=\"elementor-image-box-description\">Greater mechanical resistance and lower deformability compared to other materials.\n<\/p><\/div><\/div>\t\t<\/div>\n\t\t\t\t<\/div>\n\t\t\t\t<div class=\"elementor-element elementor-element-bcef7b0 elementor-position-top elementor-widget elementor-widget-image-box\" data-id=\"bcef7b0\" data-element_type=\"widget\" data-widget_type=\"image-box.default\">\n\t\t\t\t<div class=\"elementor-widget-container\">\n\t\t\t<div class=\"elementor-image-box-wrapper\"><figure class=\"elementor-image-box-img\"><img loading=\"lazy\" decoding=\"async\" width=\"60\" height=\"60\" src=\"https:\/\/comercialamos.es\/wp-content\/uploads\/2024\/04\/3-renovable-y-sostenible.png\" class=\"attachment-full size-full wp-image-98\" alt=\"\" \/><\/figure><div class=\"elementor-image-box-content\"><h3 class=\"elementor-image-box-title\">Renewable and Sustainable<\/h3><p class=\"elementor-image-box-description\">Positive contribution to the environment with a negative CO2 balance.<\/p><\/div><\/div>\t\t<\/div>\n\t\t\t\t<\/div>\n\t\t\t\t\t<\/div>\n\t\t\t\t<\/div>\n\t\t<div class=\"elementor-element elementor-element-004f8f1 e-flex e-con-boxed e-con e-child\" data-id=\"004f8f1\" data-element_type=\"container\">\n\t\t\t\t\t<div class=\"e-con-inner\">\n\t\t\t\t<div class=\"elementor-element elementor-element-377636c elementor-position-top elementor-widget elementor-widget-image-box\" data-id=\"377636c\" data-element_type=\"widget\" data-widget_type=\"image-box.default\">\n\t\t\t\t<div class=\"elementor-widget-container\">\n\t\t\t<div class=\"elementor-image-box-wrapper\"><figure class=\"elementor-image-box-img\"><img loading=\"lazy\" decoding=\"async\" width=\"60\" height=\"60\" src=\"https:\/\/comercialamos.es\/wp-content\/uploads\/2024\/04\/4-propiedades-mecanicas-y-acusticas.png\" class=\"attachment-full size-full wp-image-100\" alt=\"\" \/><\/figure><div class=\"elementor-image-box-content\"><h3 class=\"elementor-image-box-title\">Mechanical and Acoustic Properties<\/h3><p class=\"elementor-image-box-description\">Excellent features that improve comfort and quality of life.<\/p><\/div><\/div>\t\t<\/div>\n\t\t\t\t<\/div>\n\t\t\t\t<div class=\"elementor-element elementor-element-f6d9ff8 elementor-position-top elementor-widget elementor-widget-image-box\" data-id=\"f6d9ff8\" data-element_type=\"widget\" data-widget_type=\"image-box.default\">\n\t\t\t\t<div class=\"elementor-widget-container\">\n\t\t\t<div class=\"elementor-image-box-wrapper\"><figure class=\"elementor-image-box-img\"><img loading=\"lazy\" decoding=\"async\" width=\"60\" height=\"60\" src=\"https:\/\/comercialamos.es\/wp-content\/uploads\/2024\/04\/5-comportamiento-sismico.png\" class=\"attachment-full size-full wp-image-102\" alt=\"\" \/><\/figure><div class=\"elementor-image-box-content\"><h3 class=\"elementor-image-box-title\">Seismic Behavior<\/h3><p class=\"elementor-image-box-description\">Wood offers a favorable structural response in seismic conditions.<\/p><\/div><\/div>\t\t<\/div>\n\t\t\t\t<\/div>\n\t\t\t\t<div class=\"elementor-element elementor-element-8530b08 elementor-position-top elementor-widget elementor-widget-image-box\" data-id=\"8530b08\" data-element_type=\"widget\" data-widget_type=\"image-box.default\">\n\t\t\t\t<div class=\"elementor-widget-container\">\n\t\t\t<div class=\"elementor-image-box-wrapper\"><figure class=\"elementor-image-box-img\"><img loading=\"lazy\" decoding=\"async\" width=\"60\" height=\"60\" src=\"https:\/\/comercialamos.es\/wp-content\/uploads\/2024\/04\/6-durabilidad.png\" class=\"attachment-full size-full wp-image-104\" alt=\"\" \/><\/figure><div class=\"elementor-image-box-content\"><h3 class=\"elementor-image-box-title\">Durability<\/h3><p class=\"elementor-image-box-description\">Durable material that ensures longevity of\n<\/p><\/div><\/div>\t\t<\/div>\n\t\t\t\t<\/div>\n\t\t\t\t\t<\/div>\n\t\t\t\t<\/div>\n\t\t\t\t\t<\/div>\n\t\t\t\t<\/div>\n\t\t<div class=\"elementor-element elementor-element-30dd549 e-flex e-con-boxed e-con e-parent\" data-id=\"30dd549\" data-element_type=\"container\">\n\t\t\t\t\t<div class=\"e-con-inner\">\n\t\t\t\t<div class=\"elementor-element elementor-element-ae4fd40 elementor-widget__width-initial elementor-widget elementor-widget-image-box\" data-id=\"ae4fd40\" data-element_type=\"widget\" data-widget_type=\"image-box.default\">\n\t\t\t\t<div class=\"elementor-widget-container\">\n\t\t\t<div class=\"elementor-image-box-wrapper\"><div class=\"elementor-image-box-content\"><h2 class=\"elementor-image-box-title\">Join the Sustainable Construction Revolution<\/h2><p class=\"elementor-image-box-description\">Elegir Comercial Am\u00f3s para tu pr\u00f3ximo proyecto no solo significa optar por la calidad y precisi\u00f3n, sino tambi\u00e9n por un compromiso profundo con la sostenibilidad y el futuro del planeta.\n<br><br>\nContact us to discover how we can transform your vision into reality with innovative and ecological wood solutions.<\/p><\/div><\/div>\t\t<\/div>\n\t\t\t\t<\/div>\n\t\t\t\t\t<\/div>\n\t\t\t\t<\/div>\n\t\t<div class=\"elementor-element elementor-element-e2f8917 e-flex e-con-boxed e-con e-parent\" data-id=\"e2f8917\" data-element_type=\"container\" data-settings=\"{&quot;background_background&quot;:&quot;classic&quot;}\">\n\t\t\t\t\t<div class=\"e-con-inner\">\n\t\t\t\t\t<\/div>\n\t\t\t\t<\/div>\n\t\t<div class=\"elementor-element elementor-element-49a016b e-flex e-con-boxed e-con e-parent\" data-id=\"49a016b\" data-element_type=\"container\">\n\t\t\t\t\t<div class=\"e-con-inner\">\n\t\t<div class=\"elementor-element elementor-element-187ce0f e-con-full e-flex e-con e-child\" data-id=\"187ce0f\" data-element_type=\"container\">\n\t\t\t\t<div class=\"elementor-element elementor-element-f928c94 elementor-widget elementor-widget-heading\" data-id=\"f928c94\" data-element_type=\"widget\" data-widget_type=\"heading.default\">\n\t\t\t\t<div class=\"elementor-widget-container\">\n\t\t\t<h2 class=\"elementor-heading-title elementor-size-default\">Integral management<br>\nof your project<\/h2>\t\t<\/div>\n\t\t\t\t<\/div>\n\t\t\t\t<div class=\"elementor-element elementor-element-8e24672 elementor-widget__width-initial elementor-widget elementor-widget-image\" data-id=\"8e24672\" data-element_type=\"widget\" data-widget_type=\"image.default\">\n\t\t\t\t<div class=\"elementor-widget-container\">\n\t\t\t\t\t\t\t\t\t\t\t\t\t<img loading=\"lazy\" decoding=\"async\" width=\"390\" height=\"260\" src=\"https:\/\/comercialamos.es\/wp-content\/uploads\/2024\/04\/img-1.png\" class=\"attachment-large size-large wp-image-124\" alt=\"\" srcset=\"https:\/\/comercialamos.es\/wp-content\/uploads\/2024\/04\/img-1.png 390w, https:\/\/comercialamos.es\/wp-content\/uploads\/2024\/04\/img-1-300x200.png 300w\" sizes=\"(max-width: 390px) 100vw, 390px\" \/>\t\t\t\t\t\t\t\t\t\t\t\t\t<\/div>\n\t\t\t\t<\/div>\n\t\t\t\t<div class=\"elementor-element elementor-element-51bf47e elementor-widget__width-initial elementor-widget elementor-widget-image\" data-id=\"51bf47e\" data-element_type=\"widget\" data-widget_type=\"image.default\">\n\t\t\t\t<div class=\"elementor-widget-container\">\n\t\t\t\t\t\t\t\t\t\t\t\t\t<img loading=\"lazy\" decoding=\"async\" width=\"391\" height=\"523\" src=\"https:\/\/comercialamos.es\/wp-content\/uploads\/2024\/04\/img-2.png\" class=\"attachment-large size-large wp-image-125\" alt=\"\" srcset=\"https:\/\/comercialamos.es\/wp-content\/uploads\/2024\/04\/img-2.png 391w, https:\/\/comercialamos.es\/wp-content\/uploads\/2024\/04\/img-2-224x300.png 224w\" sizes=\"(max-width: 391px) 100vw, 391px\" \/>\t\t\t\t\t\t\t\t\t\t\t\t\t<\/div>\n\t\t\t\t<\/div>\n\t\t\t\t<\/div>\n\t\t<div class=\"elementor-element elementor-element-8b87fbb e-con-full e-flex e-con e-child\" data-id=\"8b87fbb\" data-element_type=\"container\">\n\t\t\t\t<div class=\"elementor-element elementor-element-365e70a elementor-widget elementor-widget-text-editor\" data-id=\"365e70a\" data-element_type=\"widget\" data-widget_type=\"text-editor.default\">\n\t\t\t\t<div class=\"elementor-widget-container\">\n\t\t\t\t\t\t\t<p>Regardless of the complexity of the work, <strong>we offer comprehensive solutions<\/strong> for wooden structures and roofs for the professional, both in new construction and in rehabilitation.<\/p><p>We have a <strong>experienced and rigorous technical team<\/strong> that will accompany you throughout all phases of the project.<\/p><p>For the initial phase of on-site measurement we have the latest technology from Leica Geosystems. We have at our disposal a laser distance meter as well as a state-of-the-art laser scanner that works with point cloud technology.<\/p><p>Our projects are modeled with the program <strong>3D Cadwork<\/strong> which allows us to analyze each encounter of the structure and design it in the most optimal way. The project is then exported to <strong>Hundegger K2 machining center<\/strong> so that the parts are manufactured with precision and reliability.<\/p><p>We supply the <strong>wooden deck in KIT<\/strong>, with all numbered parts and assembly drawings so that the professional can carry out the assembly efficiently.<\/p><p>We also offer the builder the possibility of serving the structure of <strong>sawed wood<\/strong> since we have an industrial impregnator in our facilities.<\/p><p>Thanks to our industrialization process we can optimize delivery times in addition to achieving safer and more optimal work thanks to the reduction in assembly times and delivery of custom materials.<\/p>\t\t\t\t\t\t<\/div>\n\t\t\t\t<\/div>\n\t\t\t\t<\/div>\n\t\t\t\t\t<\/div>\n\t\t\t\t<\/div>\n\t\t<div class=\"elementor-element elementor-element-9cdd086 e-flex e-con-boxed e-con e-parent\" data-id=\"9cdd086\" data-element_type=\"container\" data-settings=\"{&quot;background_background&quot;:&quot;classic&quot;}\">\n\t\t\t\t\t<div class=\"e-con-inner\">\n\t\t\t\t<div class=\"elementor-element elementor-element-27673de elementor-widget elementor-widget-heading\" data-id=\"27673de\" data-element_type=\"widget\" data-widget_type=\"heading.default\">\n\t\t\t\t<div class=\"elementor-widget-container\">\n\t\t\t<h2 class=\"elementor-heading-title elementor-size-default\">The forests are the factories<br>\nof construction materials<br>\nthat pollute less<br><\/h2>\t\t<\/div>\n\t\t\t\t<\/div>\n\t\t\t\t\t<\/div>\n\t\t\t\t<\/div>\n\t\t<div class=\"elementor-element elementor-element-872d515 e-flex e-con-boxed e-con e-parent\" data-id=\"872d515\" data-element_type=\"container\" data-settings=\"{&quot;background_background&quot;:&quot;classic&quot;}\">\n\t\t\t\t\t<div class=\"e-con-inner\">\n\t\t\t\t<div class=\"elementor-element elementor-element-ec1679d elementor-widget elementor-widget-text-editor\" data-id=\"ec1679d\" data-element_type=\"widget\" data-widget_type=\"text-editor.default\">\n\t\t\t\t<div class=\"elementor-widget-container\">\n\t\t\t\t\t\t\t<p>All the wood and derived products used in our facilities have the main forestry certification seals such as PEFC and FSC, which certify that the forests from which the wood comes are managed in a sustainable manner, ensuring that biological diversity is preserved and benefits lives. of local populations, while ensuring that it also sustains economic viability.<\/p>\t\t\t\t\t\t<\/div>\n\t\t\t\t<\/div>\n\t\t\t\t<div class=\"elementor-element elementor-element-1626c0f elementor-widget__width-initial elementor-widget elementor-widget-image\" data-id=\"1626c0f\" data-element_type=\"widget\" data-widget_type=\"image.default\">\n\t\t\t\t<div class=\"elementor-widget-container\">\n\t\t\t\t\t\t\t\t\t\t\t\t\t<img loading=\"lazy\" decoding=\"async\" width=\"102\" height=\"127\" src=\"https:\/\/comercialamos.es\/wp-content\/uploads\/2024\/04\/PEFC.png\" class=\"attachment-large size-large wp-image-127\" alt=\"\" \/>\t\t\t\t\t\t\t\t\t\t\t\t\t<\/div>\n\t\t\t\t<\/div>\n\t\t\t\t<div class=\"elementor-element elementor-element-17e3f86 elementor-widget__width-initial elementor-widget elementor-widget-image\" data-id=\"17e3f86\" data-element_type=\"widget\" data-widget_type=\"image.default\">\n\t\t\t\t<div class=\"elementor-widget-container\">\n\t\t\t\t\t\t\t\t\t\t\t\t\t<img loading=\"lazy\" decoding=\"async\" width=\"106\" height=\"127\" src=\"https:\/\/comercialamos.es\/wp-content\/uploads\/2024\/04\/FSC.png\" class=\"attachment-large size-large wp-image-121\" alt=\"\" \/>\t\t\t\t\t\t\t\t\t\t\t\t\t<\/div>\n\t\t\t\t<\/div>\n\t\t\t\t\t<\/div>\n\t\t\t\t<\/div>\n\t\t<div class=\"elementor-element elementor-element-1d6dd70 e-con-full e-flex e-con e-parent\" data-id=\"1d6dd70\" data-element_type=\"container\">\n\t\t<div class=\"elementor-element elementor-element-3676d36 e-con-full elementor-hidden-mobile e-flex e-con e-child\" data-id=\"3676d36\" data-element_type=\"container\" data-settings=\"{&quot;background_background&quot;:&quot;classic&quot;}\">\n\t\t\t\t<\/div>\n\t\t<div class=\"elementor-element elementor-element-6414f09 e-con-full e-flex e-con e-child\" data-id=\"6414f09\" data-element_type=\"container\">\n\t\t\t\t<div class=\"elementor-element elementor-element-93d5793 elementor-widget elementor-widget-image-box\" data-id=\"93d5793\" data-element_type=\"widget\" data-widget_type=\"image-box.default\">\n\t\t\t\t<div class=\"elementor-widget-container\">\n\t\t\t<div class=\"elementor-image-box-wrapper\"><div class=\"elementor-image-box-content\"><h3 class=\"elementor-image-box-title\">Contact us<\/h3><p class=\"elementor-image-box-description\">\"Comercial Am\u00f3s: Innovaci\u00f3n, Precisi\u00f3n y Sostenibilidad en cada estructura de madera\"<\/p><\/div><\/div>\t\t<\/div>\n\t\t\t\t<\/div>\n\t\t\t\t<div class=\"elementor-element elementor-element-67 elementor-button-align-stretch elementor-widget elementor-widget-global elementor-global-67 elementor-widget-form\" data-id=\"67\" data-element_type=\"widget\" data-settings=\"{&quot;step_next_label&quot;:&quot;Siguiente&quot;,&quot;step_previous_label&quot;:&quot;Anterior&quot;,&quot;button_width&quot;:&quot;100&quot;,&quot;step_type&quot;:&quot;number_text&quot;,&quot;step_icon_shape&quot;:&quot;circle&quot;}\" data-widget_type=\"form.default\">\n\t\t\t\t<div class=\"elementor-widget-container\">\n\t\t\t\t\t<form class=\"elementor-form\" method=\"post\" name=\"Formulario\" action=\"\">\n\t\t\t<input type=\"hidden\" name=\"post_id\" value=\"19\"\/>\n\t\t\t<input type=\"hidden\" name=\"form_id\" value=\"67\"\/>\n\t\t\t<input type=\"hidden\" name=\"referer_title\" value=\"Comercial Amos\" \/>\n\n\t\t\t\n\t\t\t<div class=\"elementor-form-fields-wrapper elementor-labels-\">\n\t\t\t\t\t\t\t\t<div class=\"elementor-field-type-text elementor-field-group elementor-column elementor-field-group-name elementor-col-100 elementor-field-required\">\n\t\t\t\t\t\t\t\t\t\t\t\t<label for=\"form-field-name\" class=\"elementor-field-label elementor-screen-only\">\n\t\t\t\t\t\t\t\tName\t\t\t\t\t\t\t<\/label>\n\t\t\t\t\t\t\t\t\t\t\t\t\t\t<input size=\"1\" type=\"text\" name=\"form_fields[name]\" id=\"form-field-name\" class=\"elementor-field elementor-size-sm  elementor-field-textual\" placeholder=\"Name\" required=\"required\" aria-required=\"true\">\n\t\t\t\t\t\t\t\t\t\t\t<\/div>\n\t\t\t\t\t\t\t\t<div class=\"elementor-field-type-email elementor-field-group elementor-column elementor-field-group-email elementor-col-100 elementor-field-required\">\n\t\t\t\t\t\t\t\t\t\t\t\t<label for=\"form-field-email\" class=\"elementor-field-label elementor-screen-only\">\n\t\t\t\t\t\t\t\tEmail\t\t\t\t\t\t\t<\/label>\n\t\t\t\t\t\t\t\t\t\t\t\t\t\t<input size=\"1\" type=\"email\" name=\"form_fields[email]\" id=\"form-field-email\" class=\"elementor-field elementor-size-sm  elementor-field-textual\" placeholder=\"Email\" required=\"required\" aria-required=\"true\">\n\t\t\t\t\t\t\t\t\t\t\t<\/div>\n\t\t\t\t\t\t\t\t<div class=\"elementor-field-type-tel elementor-field-group elementor-column elementor-field-group-field_2898d67 elementor-col-100 elementor-field-required\">\n\t\t\t\t\t\t\t\t\t\t\t\t<label for=\"form-field-field_2898d67\" class=\"elementor-field-label elementor-screen-only\">\n\t\t\t\t\t\t\t\tMobile\t\t\t\t\t\t\t<\/label>\n\t\t\t\t\t\t\t\t<input size=\"1\" type=\"tel\" name=\"form_fields[field_2898d67]\" id=\"form-field-field_2898d67\" class=\"elementor-field elementor-size-sm  elementor-field-textual\" placeholder=\"Mobile\" required=\"required\" aria-required=\"true\" pattern=\"[0-9()#&amp;+*-=.]+\" title=\"Only numbers and phone characters (#, -, *, etc) are accepted.\">\n\n\t\t\t\t\t\t<\/div>\n\t\t\t\t\t\t\t\t<div class=\"elementor-field-type-textarea elementor-field-group elementor-column elementor-field-group-message elementor-col-100 elementor-field-required\">\n\t\t\t\t\t\t\t\t\t\t\t\t<label for=\"form-field-message\" class=\"elementor-field-label elementor-screen-only\">\n\t\t\t\t\t\t\t\tMessage\t\t\t\t\t\t\t<\/label>\n\t\t\t\t\t\t<textarea class=\"elementor-field-textual elementor-field  elementor-size-sm\" name=\"form_fields[message]\" id=\"form-field-message\" rows=\"4\" placeholder=\"Message\" required=\"required\" aria-required=\"true\"><\/textarea>\t\t\t\t<\/div>\n\t\t\t\t\t\t\t\t<div class=\"elementor-field-type-acceptance elementor-field-group elementor-column elementor-field-group-field_498902f elementor-col-100\">\n\t\t\t\t\t\t\t\t\t\t\t\t<label for=\"form-field-field_498902f\" class=\"elementor-field-label elementor-screen-only\">\n\t\t\t\t\t\t\t\tPrivacy Policy\t\t\t\t\t\t\t<\/label>\n\t\t\t\t\t\t\t\t<div class=\"elementor-field-subgroup\">\n\t\t\t<span class=\"elementor-field-option\">\n\t\t\t\t<input type=\"checkbox\" name=\"form_fields[field_498902f]\" id=\"form-field-field_498902f\" class=\"elementor-field elementor-size-sm  elementor-acceptance-field\">\n\t\t\t\t<label for=\"form-field-field_498902f\">I have read and accept the <a style=\"color:#888B8D ;font-weight: bold;\"  href=\"https:\/\/comercialamos.es\/en\/politica-de-privacidad\/\" target=\"_blank\">Privacy Policy<a><\/a><\/label>\t\t\t<\/span>\n\t\t<\/div>\n\t\t\t\t\t\t<\/div>\n\t\t\t\t\t\t\t\t<div class=\"elementor-field-type-recaptcha_v3 elementor-field-group elementor-column elementor-field-group-field_04ef6b8 elementor-col-100 recaptcha_v3-bottomright\">\n\t\t\t\t\t<div class=\"elementor-field\" id=\"form-field-field_04ef6b8\"><div class=\"elementor-g-recaptcha\" data-sitekey=\"6Lf3r8opAAAAAGrS6nKmRgUplOkSrCWO5PlhACPH\" data-type=\"v3\" data-action=\"Form\" data-badge=\"bottomright\" data-size=\"invisible\"><\/div><\/div>\t\t\t\t<\/div>\n\t\t\t\t\t\t\t\t<div class=\"elementor-field-group elementor-column elementor-field-type-submit elementor-col-100 e-form__buttons\">\n\t\t\t\t\t<button class=\"elementor-button elementor-size-sm\" type=\"submit\">\n\t\t\t\t\t\t<span class=\"elementor-button-content-wrapper\">\n\t\t\t\t\t\t\t\t\t\t\t\t\t\t\t\t\t\t\t\t\t\t<span class=\"elementor-button-text\">Send<\/span>\n\t\t\t\t\t\t\t\t\t\t\t\t\t<\/span>\n\t\t\t\t\t<\/button>\n\t\t\t\t<\/div>\n\t\t\t<\/div>\n\t\t<input type=\"hidden\" name=\"trp-form-language\" value=\"en\"\/><\/form>\n\t\t\t\t<\/div>\n\t\t\t\t<\/div>\n\t\t\t\t<\/div>\n\t\t<div class=\"elementor-element elementor-element-20db5ae e-con-full e-flex e-con e-child\" data-id=\"20db5ae\" data-element_type=\"container\">\n\t\t\t\t<div class=\"elementor-element elementor-element-c606187 elementor-position-left elementor-vertical-align-middle elementor-widget__width-initial elementor-mobile-position-left elementor-view-default elementor-widget elementor-widget-icon-box\" data-id=\"c606187\" data-element_type=\"widget\" data-widget_type=\"icon-box.default\">\n\t\t\t\t<div class=\"elementor-widget-container\">\n\t\t\t\t\t<div class=\"elementor-icon-box-wrapper\">\n\n\t\t\t\t\t\t<div class=\"elementor-icon-box-icon\">\n\t\t\t\t<a href=\"tel:979 88 10 10\" class=\"elementor-icon elementor-animation-\" tabindex=\"-1\">\n\t\t\t\t<svg aria-hidden=\"true\" class=\"e-font-icon-svg e-fas-phone-alt\" viewbox=\"0 0 512 512\" xmlns=\"http:\/\/www.w3.org\/2000\/svg\"><path d=\"M497.39 361.8l-112-48a24 24 0 0 0-28 6.9l-49.6 60.6A370.66 370.66 0 0 1 130.6 204.11l60.6-49.6a23.94 23.94 0 0 0 6.9-28l-48-112A24.16 24.16 0 0 0 122.6.61l-104 24A24 24 0 0 0 0 48c0 256.5 207.9 464 464 464a24 24 0 0 0 23.4-18.6l24-104a24.29 24.29 0 0 0-14.01-27.6z\"><\/path><\/svg>\t\t\t\t<\/a>\n\t\t\t<\/div>\n\t\t\t\n\t\t\t\t\t\t<div class=\"elementor-icon-box-content\">\n\n\t\t\t\t\t\t\t\t\t<h3 class=\"elementor-icon-box-title\">\n\t\t\t\t\t\t<a href=\"tel:979 88 10 10\" >\n\t\t\t\t\t\t\t979 88 10 10\t\t\t\t\t\t<\/a>\n\t\t\t\t\t<\/h3>\n\t\t\t\t\n\t\t\t\t\n\t\t\t<\/div>\n\t\t\t\n\t\t<\/div>\n\t\t\t\t<\/div>\n\t\t\t\t<\/div>\n\t\t\t\t<\/div>\n\t\t\t\t<\/div>\n\t\t\t\t<\/div>","protected":false},"excerpt":{"rendered":"<p>Especialistas en Soluciones Integrales en Madera En Comercial Am\u00f3s, nos enorgullece ofrecer soluciones integrales para estructuras y cubiertas de madera, tanto para proyectos de obra nueva como de rehabilitaci\u00f3n. Nuestro compromiso es brindarte la m\u00e1xima calidad y precisi\u00f3n en cada fase del proyecto, respaldado por un equipo t\u00e9cnico experimentado y riguroso que te acompa\u00f1ar\u00e1 en [&hellip;]<\/p>","protected":false},"author":1,"featured_media":0,"parent":0,"menu_order":0,"comment_status":"closed","ping_status":"closed","template":"","meta":{"footnotes":""},"class_list":["post-19","page","type-page","status-publish","hentry"],"yoast_head":"<!-- This site is optimized with the Yoast SEO plugin v23.5 - https:\/\/yoast.com\/wordpress\/plugins\/seo\/ -->\n<title>Comercial Amos<\/title>\n<meta name=\"description\" content=\"Soluciones integrales para estructuras y cubiertas de madera, tanto para proyectos de obra nueva como de rehabilitaci\u00f3n.\" \/>\n<meta name=\"robots\" content=\"index, follow, max-snippet:-1, max-image-preview:large, max-video-preview:-1\" \/>\n<link rel=\"canonical\" href=\"https:\/\/comercialamos.es\/en\/\" \/>\n<meta property=\"og:locale\" content=\"en_GB\" \/>\n<meta property=\"og:type\" content=\"article\" \/>\n<meta property=\"og:title\" content=\"Comercial Amos\" \/>\n<meta property=\"og:description\" content=\"Soluciones integrales para estructuras y cubiertas de madera, tanto para proyectos de obra nueva como de rehabilitaci\u00f3n.\" \/>\n<meta property=\"og:url\" content=\"https:\/\/comercialamos.es\/en\/\" \/>\n<meta property=\"og:site_name\" content=\"Comercial Amos\" \/>\n<meta property=\"article:modified_time\" content=\"2026-02-02T10:35:42+00:00\" \/>\n<meta property=\"og:image\" content=\"https:\/\/comercialamos.es\/wp-content\/uploads\/2024\/04\/portatil.png\" \/>\n<meta name=\"twitter:card\" content=\"summary_large_image\" \/>\n<meta name=\"twitter:label1\" content=\"Estimated reading time\" \/>\n\t<meta name=\"twitter:data1\" content=\"7 minutes\" \/>\n<script type=\"application\/ld+json\" class=\"yoast-schema-graph\">{\"@context\":\"https:\/\/schema.org\",\"@graph\":[{\"@type\":\"WebPage\",\"@id\":\"https:\/\/comercialamos.es\/\",\"url\":\"https:\/\/comercialamos.es\/\",\"name\":\"Comercial Amos\",\"isPartOf\":{\"@id\":\"https:\/\/comercialamos.es\/#website\"},\"primaryImageOfPage\":{\"@id\":\"https:\/\/comercialamos.es\/#primaryimage\"},\"image\":{\"@id\":\"https:\/\/comercialamos.es\/#primaryimage\"},\"thumbnailUrl\":\"https:\/\/comercialamos.es\/wp-content\/uploads\/2024\/04\/portatil.png\",\"datePublished\":\"2024-04-25T06:54:06+00:00\",\"dateModified\":\"2026-02-02T10:35:42+00:00\",\"description\":\"Soluciones integrales para estructuras y cubiertas de madera, tanto para proyectos de obra nueva como de rehabilitaci\u00f3n.\",\"breadcrumb\":{\"@id\":\"https:\/\/comercialamos.es\/#breadcrumb\"},\"inLanguage\":\"en-GB\",\"potentialAction\":[{\"@type\":\"ReadAction\",\"target\":[\"https:\/\/comercialamos.es\/\"]}]},{\"@type\":\"ImageObject\",\"inLanguage\":\"en-GB\",\"@id\":\"https:\/\/comercialamos.es\/#primaryimage\",\"url\":\"https:\/\/comercialamos.es\/wp-content\/uploads\/2024\/04\/portatil.png\",\"contentUrl\":\"https:\/\/comercialamos.es\/wp-content\/uploads\/2024\/04\/portatil.png\"},{\"@type\":\"BreadcrumbList\",\"@id\":\"https:\/\/comercialamos.es\/#breadcrumb\",\"itemListElement\":[{\"@type\":\"ListItem\",\"position\":1,\"name\":\"Portada\",\"item\":\"https:\/\/comercialamos.es\/\"},{\"@type\":\"ListItem\",\"position\":2,\"name\":\"Inicio\"}]},{\"@type\":\"WebSite\",\"@id\":\"https:\/\/comercialamos.es\/#website\",\"url\":\"https:\/\/comercialamos.es\/\",\"name\":\"Comercial Amos\",\"description\":\"Soluciones Integrales en Madera\",\"publisher\":{\"@id\":\"https:\/\/comercialamos.es\/#organization\"},\"potentialAction\":[{\"@type\":\"SearchAction\",\"target\":{\"@type\":\"EntryPoint\",\"urlTemplate\":\"https:\/\/comercialamos.es\/?s={search_term_string}\"},\"query-input\":{\"@type\":\"PropertyValueSpecification\",\"valueRequired\":true,\"valueName\":\"search_term_string\"}}],\"inLanguage\":\"en-GB\"},{\"@type\":\"Organization\",\"@id\":\"https:\/\/comercialamos.es\/#organization\",\"name\":\"Comercial Amos\",\"url\":\"https:\/\/comercialamos.es\/\",\"logo\":{\"@type\":\"ImageObject\",\"inLanguage\":\"en-GB\",\"@id\":\"https:\/\/comercialamos.es\/#\/schema\/logo\/image\/\",\"url\":\"https:\/\/comercialamos.es\/wp-content\/uploads\/2024\/04\/Logos-CA_1700_-removebg-preview.png\",\"contentUrl\":\"https:\/\/comercialamos.es\/wp-content\/uploads\/2024\/04\/Logos-CA_1700_-removebg-preview.png\",\"width\":457,\"height\":546,\"caption\":\"Comercial Amos\"},\"image\":{\"@id\":\"https:\/\/comercialamos.es\/#\/schema\/logo\/image\/\"}}]}<\/script>\n<!-- \/ Yoast SEO plugin. -->","yoast_head_json":{"title":"Comercial Amos","description":"Soluciones integrales para estructuras y cubiertas de madera, tanto para proyectos de obra nueva como de rehabilitaci\u00f3n.","robots":{"index":"index","follow":"follow","max-snippet":"max-snippet:-1","max-image-preview":"max-image-preview:large","max-video-preview":"max-video-preview:-1"},"canonical":"https:\/\/comercialamos.es\/en\/","og_locale":"en_GB","og_type":"article","og_title":"Comercial Amos","og_description":"Soluciones integrales para estructuras y cubiertas de madera, tanto para proyectos de obra nueva como de rehabilitaci\u00f3n.","og_url":"https:\/\/comercialamos.es\/en\/","og_site_name":"Comercial Amos","article_modified_time":"2026-02-02T10:35:42+00:00","og_image":[{"url":"https:\/\/comercialamos.es\/wp-content\/uploads\/2024\/04\/portatil.png"}],"twitter_card":"summary_large_image","twitter_misc":{"Estimated reading time":"7 minutes"},"schema":{"@context":"https:\/\/schema.org","@graph":[{"@type":"WebPage","@id":"https:\/\/comercialamos.es\/","url":"https:\/\/comercialamos.es\/","name":"Comercial Amos","isPartOf":{"@id":"https:\/\/comercialamos.es\/#website"},"primaryImageOfPage":{"@id":"https:\/\/comercialamos.es\/#primaryimage"},"image":{"@id":"https:\/\/comercialamos.es\/#primaryimage"},"thumbnailUrl":"https:\/\/comercialamos.es\/wp-content\/uploads\/2024\/04\/portatil.png","datePublished":"2024-04-25T06:54:06+00:00","dateModified":"2026-02-02T10:35:42+00:00","description":"Soluciones integrales para estructuras y cubiertas de madera, tanto para proyectos de obra nueva como de rehabilitaci\u00f3n.","breadcrumb":{"@id":"https:\/\/comercialamos.es\/#breadcrumb"},"inLanguage":"en-GB","potentialAction":[{"@type":"ReadAction","target":["https:\/\/comercialamos.es\/"]}]},{"@type":"ImageObject","inLanguage":"en-GB","@id":"https:\/\/comercialamos.es\/#primaryimage","url":"https:\/\/comercialamos.es\/wp-content\/uploads\/2024\/04\/portatil.png","contentUrl":"https:\/\/comercialamos.es\/wp-content\/uploads\/2024\/04\/portatil.png"},{"@type":"BreadcrumbList","@id":"https:\/\/comercialamos.es\/#breadcrumb","itemListElement":[{"@type":"ListItem","position":1,"name":"Portada","item":"https:\/\/comercialamos.es\/"},{"@type":"ListItem","position":2,"name":"Inicio"}]},{"@type":"WebSite","@id":"https:\/\/comercialamos.es\/#website","url":"https:\/\/comercialamos.es\/","name":"Comercial Amos","description":"Soluciones Integrales en Madera","publisher":{"@id":"https:\/\/comercialamos.es\/#organization"},"potentialAction":[{"@type":"SearchAction","target":{"@type":"EntryPoint","urlTemplate":"https:\/\/comercialamos.es\/?s={search_term_string}"},"query-input":{"@type":"PropertyValueSpecification","valueRequired":true,"valueName":"search_term_string"}}],"inLanguage":"en-GB"},{"@type":"Organization","@id":"https:\/\/comercialamos.es\/#organization","name":"Comercial Amos","url":"https:\/\/comercialamos.es\/","logo":{"@type":"ImageObject","inLanguage":"en-GB","@id":"https:\/\/comercialamos.es\/#\/schema\/logo\/image\/","url":"https:\/\/comercialamos.es\/wp-content\/uploads\/2024\/04\/Logos-CA_1700_-removebg-preview.png","contentUrl":"https:\/\/comercialamos.es\/wp-content\/uploads\/2024\/04\/Logos-CA_1700_-removebg-preview.png","width":457,"height":546,"caption":"Comercial Amos"},"image":{"@id":"https:\/\/comercialamos.es\/#\/schema\/logo\/image\/"}}]}},"_links":{"self":[{"href":"https:\/\/comercialamos.es\/en\/wp-json\/wp\/v2\/pages\/19"}],"collection":[{"href":"https:\/\/comercialamos.es\/en\/wp-json\/wp\/v2\/pages"}],"about":[{"href":"https:\/\/comercialamos.es\/en\/wp-json\/wp\/v2\/types\/page"}],"author":[{"embeddable":true,"href":"https:\/\/comercialamos.es\/en\/wp-json\/wp\/v2\/users\/1"}],"replies":[{"embeddable":true,"href":"https:\/\/comercialamos.es\/en\/wp-json\/wp\/v2\/comments?post=19"}],"version-history":[{"count":2,"href":"https:\/\/comercialamos.es\/en\/wp-json\/wp\/v2\/pages\/19\/revisions"}],"predecessor-version":[{"id":214,"href":"https:\/\/comercialamos.es\/en\/wp-json\/wp\/v2\/pages\/19\/revisions\/214"}],"wp:attachment":[{"href":"https:\/\/comercialamos.es\/en\/wp-json\/wp\/v2\/media?parent=19"}],"curies":[{"name":"wp","href":"https:\/\/api.w.org\/{rel}","templated":true}]}}